{"id":26233,"date":"2026-07-30T05:45:54","date_gmt":"2026-07-30T10:45:54","guid":{"rendered":"https:\/\/maiglobal.org\/?page_id=26233"},"modified":"2026-09-02T16:27:58","modified_gmt":"2026-09-02T21:27:58","slug":"litt-america-latina-2026","status":"publish","type":"page","link":"https:\/\/maiglobal.org\/id\/litt-america-latina-2026\/","title":{"rendered":"Litt Am\u00e9rica Latina 2026"},"content":{"rendered":"<div id=\"fb-root\"><\/div>\n\t\t<div data-elementor-type=\"wp-page\" data-elementor-id=\"26233\" class=\"elementor elementor-26233\" data-elementor-post-type=\"page\">\n\t\t\t\t\t\t<section class=\"elementor-section elementor-top-section elementor-element elementor-element-d855605 newTitle elementor-section-boxed elementor-section-height-default elementor-section-height-default\" data-id=\"d855605\" data-element_type=\"section\" data-e-type=\"section\" data-settings=\"{&quot;background_background&quot;:&quot;classic&quot;}\">\n\t\t\t\t\t\t\t<div class=\"elementor-background-overlay\"><\/div>\n\t\t\t\t\t\t\t<div class=\"elementor-container elementor-column-gap-default\">\n\t\t\t\t\t<div class=\"elementor-column elementor-col-100 elementor-top-column elementor-element elementor-element-88a54f9\" data-id=\"88a54f9\" data-element_type=\"column\" data-e-type=\"column\">\n\t\t\t<div class=\"elementor-widget-wrap elementor-element-populated\">\n\t\t\t\t\t\t<div class=\"elementor-element elementor-element-7f33918 elementor-widget elementor-widget-heading\" data-id=\"7f33918\" data-element_type=\"widget\" data-e-type=\"widget\" data-widget_type=\"heading.default\">\n\t\t\t\t\t<h2 class=\"elementor-heading-title elementor-size-default\">Litt Am\u00e9rica Latina<\/h2>\t\t\t\t<\/div>\n\t\t\t\t\t<\/div>\n\t\t<\/div>\n\t\t\t\t\t<\/div>\n\t\t<\/section>\n\t\t<div class=\"elementor-element elementor-element-2f68346 e-flex e-con-boxed e-con e-parent\" data-id=\"2f68346\" data-element_type=\"container\" data-e-type=\"container\">\n\t\t\t\t\t<div class=\"e-con-inner\">\n\t\t<div class=\"elementor-element elementor-element-e68da4f e-con-full e-flex e-con e-child\" data-id=\"e68da4f\" data-element_type=\"container\" data-e-type=\"container\">\n\t\t\t\t<div class=\"elementor-element elementor-element-c782fa9 elementor-widget elementor-widget-image\" data-id=\"c782fa9\" data-element_type=\"widget\" data-e-type=\"widget\" data-widget_type=\"image.default\">\n\t\t\t\t\t\t\t\t\t\t\t\t<figure class=\"wp-caption\">\n\t\t\t\t\t\t\t\t\t\t\t<a href=\"https:\/\/www.zeffy.com\/en-US\/ticketing\/litt-america-latina--2026\">\n\t\t\t\t\t\t\t<img fetchpriority=\"high\" decoding=\"async\" width=\"1131\" height=\"1600\" src=\"https:\/\/maiglobal.org\/wp-content\/uploads\/2026\/07\/Litt-America-Latina-2026-1.jpg\" class=\"attachment-full size-full wp-image-26234\" alt=\"\" srcset=\"https:\/\/maiglobal.org\/wp-content\/uploads\/2026\/07\/Litt-America-Latina-2026-1.jpg 1131w, https:\/\/maiglobal.org\/wp-content\/uploads\/2026\/07\/Litt-America-Latina-2026-1-212x300.jpg 212w, https:\/\/maiglobal.org\/wp-content\/uploads\/2026\/07\/Litt-America-Latina-2026-1-724x1024.jpg 724w, https:\/\/maiglobal.org\/wp-content\/uploads\/2026\/07\/Litt-America-Latina-2026-1-768x1086.jpg 768w, https:\/\/maiglobal.org\/wp-content\/uploads\/2026\/07\/Litt-America-Latina-2026-1-1086x1536.jpg 1086w, https:\/\/maiglobal.org\/wp-content\/uploads\/2026\/07\/Litt-America-Latina-2026-1-8x12.jpg 8w, https:\/\/maiglobal.org\/wp-content\/uploads\/2026\/07\/Litt-America-Latina-2026-1-300x424.jpg 300w, https:\/\/maiglobal.org\/wp-content\/uploads\/2026\/07\/Litt-America-Latina-2026-1-600x849.jpg 600w\" sizes=\"(max-width: 1131px) 100vw, 1131px\" \/>\t\t\t\t\t\t\t\t<\/a>\n\t\t\t\t\t\t\t\t\t\t\t<figcaption class=\"widget-image-caption wp-caption-text\"><\/figcaption>\n\t\t\t\t\t\t\t\t\t\t<\/figure>\n\t\t\t\t\t\t\t\t\t<\/div>\n\t\t\t\t<div class=\"elementor-element elementor-element-5a87531 elementor-align-justify elementor-widget elementor-widget-button\" data-id=\"5a87531\" data-element_type=\"widget\" data-e-type=\"widget\" data-widget_type=\"button.default\">\n\t\t\t\t\t\t\t\t\t\t<a class=\"elementor-button elementor-button-link elementor-size-lg\" href=\"https:\/\/www.zeffy.com\/en-US\/ticketing\/litt-america-latina--2026\">\n\t\t\t\t\t\t<span class=\"elementor-button-content-wrapper\">\n\t\t\t\t\t\t\t\t\t<span class=\"elementor-button-text\">INSCRIBETE EN EL EVENTO PRESENCIAL<\/span>\n\t\t\t\t\t<\/span>\n\t\t\t\t\t<\/a>\n\t\t\t\t\t\t\t\t<\/div>\n\t\t\t\t<div class=\"elementor-element elementor-element-5ed6d62 elementor-align-justify elementor-widget elementor-widget-button\" data-id=\"5ed6d62\" data-element_type=\"widget\" data-e-type=\"widget\" data-widget_type=\"button.default\">\n\t\t\t\t\t\t\t\t\t\t<a class=\"elementor-button elementor-button-link elementor-size-lg\" href=\"https:\/\/maiglobal.org\/id\/mai-america-latina\/litt-america-latina-2026-conferencistas\/\">\n\t\t\t\t\t\t<span class=\"elementor-button-content-wrapper\">\n\t\t\t\t\t\t\t\t\t<span class=\"elementor-button-text\">Conferencistas<\/span>\n\t\t\t\t\t<\/span>\n\t\t\t\t\t<\/a>\n\t\t\t\t\t\t\t\t<\/div>\n\t\t\t\t<\/div>\n\t\t<div class=\"elementor-element elementor-element-74ed949 e-con-full e-flex e-con e-child\" data-id=\"74ed949\" data-element_type=\"container\" data-e-type=\"container\">\n\t\t\t\t<div class=\"elementor-element elementor-element-72614ed elementor-widget elementor-widget-text-editor\" data-id=\"72614ed\" data-element_type=\"widget\" data-e-type=\"widget\" data-widget_type=\"text-editor.default\">\n\t\t\t\t\t\t\t\t\t<h1><strong>Litt Am\u00e9rica Latina 2026<\/strong><\/h1><p style=\"font-weight: 400;\"><strong>\u00a1Te invitamos a la Semana de Capacitaci\u00f3n en Literatura Evang\u00e9lica!<\/strong><\/p><p style=\"font-weight: 400;\">Del 30 de octubre al 6 de noviembre de 2026, acomp\u00e1\u00f1anos en Rionegro, Colombia, para\u00a0vivir\u00a0una semana de aprendizaje, inspiraci\u00f3n y colaboraci\u00f3n entre profesionales de la literatura y los medios cristianos.<\/p><p style=\"font-weight: 400;\">La semana\u00a0reunir\u00e1\u00a0en un mismo lugar\u00a0a\u00a0Litt Am\u00e9rica Latina, el primer encuentro regional presencial en espa\u00f1ol de\u00a0<a href=\"https:\/\/maiglobal.org\/id\/mai-america-latina\/\" data-saferedirecturl=\"https:\/\/www.google.com\/url?q=https:\/\/maiglobal.org\/mai-america-latina\/&amp;source=gmail&amp;ust=1788469402187000&amp;usg=AOvVaw0AmRUUTw9acD33m6KgCPNu\">MAI-Am\u00e9rica Latina<\/a>\u00a0(30 oct-2 nov), y a la Consulta\u00a0<a href=\"https:\/\/letraviva.com\/\" data-saferedirecturl=\"https:\/\/www.google.com\/url?q=https:\/\/letraviva.com\/&amp;source=gmail&amp;ust=1788469402187000&amp;usg=AOvVaw3TYZdFEFWkEDcXw8280Y-a\">Letra Viva<\/a>\u00a0(2\u20136 nov).<\/p><p style=\"font-weight: 400;\">Aprende de expertos en escritura, edici\u00f3n, publicaci\u00f3n, mercadeo, ilustraci\u00f3n, distribuci\u00f3n, redes sociales, inteligencia artificial, audiolibros y\u00a0p\u00f3dcasts. Asiste a nuestras conferencias, talleres, paneles, consultor\u00edas personalizadas y espacios para redes de trabajo.\u00a0<\/p><p style=\"font-weight: 400;\">Lugar:\u00a0<a href=\"https:\/\/casadelasalle.com\/\" data-saferedirecturl=\"https:\/\/www.google.com\/url?q=https:\/\/casadelasalle.com\/&amp;source=gmail&amp;ust=1788469402187000&amp;usg=AOvVaw1ss5tfMEoWyYf8XV8LYJJB\">De La Salle Casa de Encuentros \u2013 Rionegro, Colombia<\/a><\/p><p style=\"font-weight: 400;\"><strong>Dos eventos. Una semana. Un solo lugar. \u00a1Esperamos verte en Colombia!<\/strong><\/p>\t\t\t\t\t\t\t\t<\/div>\n\t\t\t\t<\/div>\n\t\t\t\t\t<\/div>\n\t\t\t\t<\/div>\n\t\t<div class=\"elementor-element elementor-element-4e26593 e-flex e-con-boxed e-con e-parent\" data-id=\"4e26593\" data-element_type=\"container\" data-e-type=\"container\">\n\t\t\t\t\t<div class=\"e-con-inner\">\n\t\t\t\t<div class=\"elementor-element elementor-element-7bfb98a elementor-widget-divider--view-line elementor-widget elementor-widget-divider\" data-id=\"7bfb98a\" data-element_type=\"widget\" data-e-type=\"widget\" data-widget_type=\"divider.default\">\n\t\t\t\t\t\t\t<div class=\"elementor-divider\">\n\t\t\t<span class=\"elementor-divider-separator\">\n\t\t\t\t\t\t<\/span>\n\t\t<\/div>\n\t\t\t\t\t\t<\/div>\n\t\t\t\t<div class=\"elementor-element elementor-element-593fe22 elementor-widget elementor-widget-image\" data-id=\"593fe22\" data-element_type=\"widget\" data-e-type=\"widget\" data-widget_type=\"image.default\">\n\t\t\t\t\t\t\t\t\t\t\t\t\t\t\t\t<a href=\"https:\/\/www.zeffy.com\/en-US\/ticketing\/litt-america-latina--2026\">\n\t\t\t\t\t\t\t<img decoding=\"async\" width=\"1024\" height=\"683\" src=\"https:\/\/maiglobal.org\/wp-content\/uploads\/2026\/08\/TARIFAS-COLOMBIA-31-jul-26-1024x683.png\" class=\"attachment-large size-large wp-image-26805\" alt=\"\" srcset=\"https:\/\/maiglobal.org\/wp-content\/uploads\/2026\/08\/TARIFAS-COLOMBIA-31-jul-26-1024x683.png 1024w, https:\/\/maiglobal.org\/wp-content\/uploads\/2026\/08\/TARIFAS-COLOMBIA-31-jul-26-300x200.png 300w, https:\/\/maiglobal.org\/wp-content\/uploads\/2026\/08\/TARIFAS-COLOMBIA-31-jul-26-768x512.png 768w, https:\/\/maiglobal.org\/wp-content\/uploads\/2026\/08\/TARIFAS-COLOMBIA-31-jul-26-391x260.png 391w, https:\/\/maiglobal.org\/wp-content\/uploads\/2026\/08\/TARIFAS-COLOMBIA-31-jul-26-18x12.png 18w, https:\/\/maiglobal.org\/wp-content\/uploads\/2026\/08\/TARIFAS-COLOMBIA-31-jul-26-600x400.png 600w, https:\/\/maiglobal.org\/wp-content\/uploads\/2026\/08\/TARIFAS-COLOMBIA-31-jul-26.png 1536w\" sizes=\"(max-width: 1024px) 100vw, 1024px\" \/>\t\t\t\t\t\t\t\t<\/a>\n\t\t\t\t\t\t\t\t\t\t\t\t\t\t\t<\/div>\n\t\t\t\t\t<\/div>\n\t\t\t\t<\/div>\n\t\t<div class=\"elementor-element elementor-element-ddf9f08 e-flex e-con-boxed e-con e-parent\" data-id=\"ddf9f08\" data-element_type=\"container\" data-e-type=\"container\">\n\t\t\t\t\t<div class=\"e-con-inner\">\n\t\t\t\t<div class=\"elementor-element elementor-element-053f1ac elementor-align-justify elementor-widget elementor-widget-button\" data-id=\"053f1ac\" data-element_type=\"widget\" data-e-type=\"widget\" data-widget_type=\"button.default\">\n\t\t\t\t\t\t\t\t\t\t<a class=\"elementor-button elementor-button-link elementor-size-lg\" href=\"https:\/\/www.zeffy.com\/en-US\/ticketing\/litt-america-latina--2026\">\n\t\t\t\t\t\t<span class=\"elementor-button-content-wrapper\">\n\t\t\t\t\t\t\t\t\t<span class=\"elementor-button-text\">INSCRIBETE EN EL EVENTO PRESENCIAL<\/span>\n\t\t\t\t\t<\/span>\n\t\t\t\t\t<\/a>\n\t\t\t\t\t\t\t\t<\/div>\n\t\t\t\t<div class=\"elementor-element elementor-element-e8cb11f elementor-align-justify elementor-widget elementor-widget-button\" data-id=\"e8cb11f\" data-element_type=\"widget\" data-e-type=\"widget\" data-widget_type=\"button.default\">\n\t\t\t\t\t\t\t\t\t\t<a class=\"elementor-button elementor-button-link elementor-size-lg\" href=\"https:\/\/maiglobal.org\/wp-content\/uploads\/2026\/08\/TARIFAS-COLOMBIA-Julio-26.pdf\">\n\t\t\t\t\t\t<span class=\"elementor-button-content-wrapper\">\n\t\t\t\t\t\t\t\t\t<span class=\"elementor-button-text\">DOWNLOAD PDF<\/span>\n\t\t\t\t\t<\/span>\n\t\t\t\t\t<\/a>\n\t\t\t\t\t\t\t\t<\/div>\n\t\t\t\t\t<\/div>\n\t\t\t\t<\/div>\n\t\t<div class=\"elementor-element elementor-element-7d3af9b e-flex e-con-boxed e-con e-parent\" data-id=\"7d3af9b\" data-element_type=\"container\" data-e-type=\"container\">\n\t\t\t\t\t<div class=\"e-con-inner\">\n\t\t<div class=\"elementor-element elementor-element-ac9dff6 e-con-full e-flex e-con e-child\" data-id=\"ac9dff6\" data-element_type=\"container\" data-e-type=\"container\">\n\t\t\t\t<div class=\"elementor-element elementor-element-f787038 elementor-widget elementor-widget-text-editor\" data-id=\"f787038\" data-element_type=\"widget\" data-e-type=\"widget\" data-widget_type=\"text-editor.default\">\n\t\t\t\t\t\t\t\t\t<h1 style=\"text-align: center;\"><strong>Inscripci\u00f3n Anticipada<\/strong><\/h1>\t\t\t\t\t\t\t\t<\/div>\n\t\t\t\t<\/div>\n\t\t<div class=\"elementor-element elementor-element-96c9286 e-con-full e-flex e-con e-child\" data-id=\"96c9286\" data-element_type=\"container\" data-e-type=\"container\">\n\t\t\t\t<div class=\"elementor-element elementor-element-189c3e7 elementor-countdown--label-block elementor-widget elementor-widget-countdown\" data-id=\"189c3e7\" data-element_type=\"widget\" data-e-type=\"widget\" data-widget_type=\"countdown.default\">\n\t\t\t\t\t\t\t<div class=\"elementor-countdown-wrapper\" data-date=\"1793365200\">\n\t\t\t<div class=\"elementor-countdown-item\"><span class=\"elementor-countdown-digits elementor-countdown-days\"><\/span> <span class=\"elementor-countdown-label\" data-no-translation=\"\" data-trp-gettext=\"\">Days<\/span><\/div><div class=\"elementor-countdown-item\"><span class=\"elementor-countdown-digits elementor-countdown-hours\"><\/span> <span class=\"elementor-countdown-label\" data-no-translation=\"\" data-trp-gettext=\"\">Hours<\/span><\/div>\t\t<\/div>\n\t\t\t\t\t\t<\/div>\n\t\t\t\t<\/div>\n\t\t\t\t\t<\/div>\n\t\t\t\t<\/div>\n\t\t<div class=\"elementor-element elementor-element-af8f07c e-flex e-con-boxed e-con e-parent\" data-id=\"af8f07c\" data-element_type=\"container\" data-e-type=\"container\">\n\t\t\t\t\t<div class=\"e-con-inner\">\n\t\t\t\t<div class=\"elementor-element elementor-element-5ce990d elementor-widget-divider--view-line elementor-widget elementor-widget-divider\" data-id=\"5ce990d\" data-element_type=\"widget\" data-e-type=\"widget\" data-widget_type=\"divider.default\">\n\t\t\t\t\t\t\t<div class=\"elementor-divider\">\n\t\t\t<span class=\"elementor-divider-separator\">\n\t\t\t\t\t\t<\/span>\n\t\t<\/div>\n\t\t\t\t\t\t<\/div>\n\t\t\t\t\t<\/div>\n\t\t\t\t<\/div>\n\t\t<div class=\"elementor-element elementor-element-0e10b87 e-flex e-con-boxed e-con e-parent\" data-id=\"0e10b87\" data-element_type=\"container\" data-e-type=\"container\">\n\t\t\t\t\t<div class=\"e-con-inner\">\n\t\t\t\t<div class=\"elementor-element elementor-element-690060d elementor-widget elementor-widget-text-editor\" data-id=\"690060d\" data-element_type=\"widget\" data-e-type=\"widget\" data-widget_type=\"text-editor.default\">\n\t\t\t\t\t\t\t\t\t<h1 style=\"text-align: center;\"><strong>Lugar<\/strong><\/h1>\t\t\t\t\t\t\t\t<\/div>\n\t\t\t\t\t<\/div>\n\t\t\t\t<\/div>\n\t\t<div class=\"elementor-element elementor-element-4a223cd e-flex e-con-boxed e-con e-parent\" data-id=\"4a223cd\" data-element_type=\"container\" data-e-type=\"container\">\n\t\t\t\t\t<div class=\"e-con-inner\">\n\t\t\t\t<div class=\"elementor-element elementor-element-1574a8a elementor-widget elementor-widget-google_maps\" data-id=\"1574a8a\" data-element_type=\"widget\" data-e-type=\"widget\" data-widget_type=\"google_maps.default\">\n\t\t\t\t\t\t\t<div class=\"elementor-custom-embed\">\n\t\t\t<iframe loading=\"lazy\"\n\t\t\t\t\tsrc=\"https:\/\/maps.google.com\/maps?q=De%20La%20Salle%20Casa%20de%20Encuentros%20%E2%80%93%20Rionegro%2C%20Colombia&#038;t=m&#038;z=10&#038;output=embed&#038;iwloc=near\"\n\t\t\t\t\ttitle=\"De La Salle Casa de Encuentros \u2013 Rionegro, Colombia\"\n\t\t\t\t\taria-label=\"De La Salle Casa de Encuentros \u2013 Rionegro, Colombia\"\n\t\t\t><\/iframe>\n\t\t<\/div>\n\t\t\t\t\t\t<\/div>\n\t\t\t\t\t<\/div>\n\t\t\t\t<\/div>\n\t\t<div class=\"elementor-element elementor-element-d7dac9c e-flex e-con-boxed e-con e-parent\" data-id=\"d7dac9c\" data-element_type=\"container\" data-e-type=\"container\">\n\t\t\t\t\t<div class=\"e-con-inner\">\n\t\t\t\t<div class=\"elementor-element elementor-element-2779e59 elementor-widget elementor-widget-spacer\" data-id=\"2779e59\" data-element_type=\"widget\" data-e-type=\"widget\" data-widget_type=\"spacer.default\">\n\t\t\t\t\t\t\t<div class=\"elementor-spacer\">\n\t\t\t<div class=\"elementor-spacer-inner\"><\/div>\n\t\t<\/div>\n\t\t\t\t\t\t<\/div>\n\t\t\t\t\t<\/div>\n\t\t\t\t<\/div>\n\t\t<div class=\"elementor-element elementor-element-1fbe234 e-flex e-con-boxed e-con e-parent\" data-id=\"1fbe234\" data-element_type=\"container\" data-e-type=\"container\">\n\t\t\t\t\t<div class=\"e-con-inner\">\n\t\t\t\t<div class=\"elementor-element elementor-element-3fd969d elementor-widget-divider--view-line elementor-widget elementor-widget-divider\" data-id=\"3fd969d\" data-element_type=\"widget\" data-e-type=\"widget\" data-widget_type=\"divider.default\">\n\t\t\t\t\t\t\t<div class=\"elementor-divider\">\n\t\t\t<span class=\"elementor-divider-separator\">\n\t\t\t\t\t\t<\/span>\n\t\t<\/div>\n\t\t\t\t\t\t<\/div>\n\t\t\t\t\t<\/div>\n\t\t\t\t<\/div>\n\t\t\t\t<\/div>","protected":false},"excerpt":{"rendered":"<p>Litt Am\u00e9rica Latina INSCRIBETE EN EL EVENTO PRESENCIAL Conferencistas Litt Am\u00e9rica Latina 2026 \u00a1Te invitamos a la Semana de Capacitaci\u00f3n en Literatura Evang\u00e9lica! Del 30 de octubre al 6 de noviembre de 2026, acomp\u00e1\u00f1anos en Rionegro, Colombia, para\u00a0vivir\u00a0una semana de aprendizaje, inspiraci\u00f3n y colaboraci\u00f3n entre profesionales de la literatura y los medios cristianos. La semana\u00a0reunir\u00e1\u00a0en [&hellip;]<\/p>\n","protected":false},"author":2000,"featured_media":0,"parent":0,"menu_order":0,"comment_status":"closed","ping_status":"closed","template":"","meta":{"_acf_changed":false,"give_campaign_id":0,"site-sidebar-layout":"no-sidebar","site-content-layout":"page-builder","ast-site-content-layout":"full-width-container","site-content-style":"unboxed","site-sidebar-style":"unboxed","ast-global-header-display":"","ast-banner-title-visibility":"","ast-main-header-display":"","ast-hfb-above-header-display":"","ast-hfb-below-header-display":"","ast-hfb-mobile-header-display":"","site-post-title":"disabled","ast-breadcrumbs-content":"","ast-featured-img":"disabled","footer-sml-layout":"","theme-transparent-header-meta":"default","adv-header-id-meta":"","stick-header-meta":"","header-above-stick-meta":"","header-main-stick-meta":"","header-below-stick-meta":"","astra-migrate-meta-layouts":"set","ast-page-background-enabled":"default","ast-page-background-meta":{"desktop":{"background-color":"","background-image":"","background-repeat":"repeat","background-position":"center center","background-size":"auto","background-attachment":"scroll","background-type":"","background-media":"","overlay-type":"","overlay-color":"","overlay-opacity":"","overlay-gradient":""},"tablet":{"background-color":"","background-image":"","background-repeat":"repeat","background-position":"center center","background-size":"auto","background-attachment":"scroll","background-type":"","background-media":"","overlay-type":"","overlay-color":"","overlay-opacity":"","overlay-gradient":""},"mobile":{"background-color":"","background-image":"","background-repeat":"repeat","background-position":"center center","background-size":"auto","background-attachment":"scroll","background-type":"","background-media":"","overlay-type":"","overlay-color":"","overlay-opacity":"","overlay-gradient":""}},"ast-content-background-meta":{"desktop":{"background-color":"var(--ast-global-color-5)","background-image":"","background-repeat":"repeat","background-position":"center center","background-size":"auto","background-attachment":"scroll","background-type":"","background-media":"","overlay-type":"","overlay-color":"","overlay-opacity":"","overlay-gradient":""},"tablet":{"background-color":"var(--ast-global-color-5)","background-image":"","background-repeat":"repeat","background-position":"center center","background-size":"auto","background-attachment":"scroll","background-type":"","background-media":"","overlay-type":"","overlay-color":"","overlay-opacity":"","overlay-gradient":""},"mobile":{"background-color":"var(--ast-global-color-5)","background-image":"","background-repeat":"repeat","background-position":"center center","background-size":"auto","background-attachment":"scroll","background-type":"","background-media":"","overlay-type":"","overlay-color":"","overlay-opacity":"","overlay-gradient":""}},"iawp_total_views":129,"footnotes":""},"class_list":["post-26233","page","type-page","status-publish","hentry"],"acf":[],"yoast_head":"<!-- This site is optimized with the Yoast SEO plugin v27.8 - https:\/\/yoast.com\/product\/yoast-seo-wordpress\/ -->\n<title>Litt Am\u00e9rica Latina 2026 - Media Associates International<\/title>\n<meta name=\"description\" content=\"Del 30 de octubre al 6 de noviembre de 2026, acomp\u00e1\u00f1enos en Rionegro, Colombia, para vivir una semana de aprendizaje, inspiraci\u00f3n y colaboraci\u00f3n entre profesionales de la literatura y los medios cristianos.\" \/>\n<meta name=\"robots\" content=\"index, follow, max-snippet:-1, max-image-preview:large, max-video-preview:-1\" \/>\n<link rel=\"canonical\" href=\"https:\/\/maiglobal.org\/id\/litt-america-latina-2026\/\" \/>\n<meta property=\"og:locale\" content=\"id_ID\" \/>\n<meta property=\"og:type\" content=\"article\" \/>\n<meta property=\"og:title\" content=\"Litt Am\u00e9rica Latina 2026 - Media Associates International\" \/>\n<meta property=\"og:description\" content=\"Del 30 de octubre al 6 de noviembre de 2026, acomp\u00e1\u00f1enos en Rionegro, Colombia, para vivir una semana de aprendizaje, inspiraci\u00f3n y colaboraci\u00f3n entre profesionales de la literatura y los medios cristianos.\" \/>\n<meta property=\"og:url\" content=\"https:\/\/maiglobal.org\/id\/litt-america-latina-2026\/\" \/>\n<meta property=\"og:site_name\" content=\"Media Associates International\" \/>\n<meta property=\"article:modified_time\" content=\"2026-09-02T21:27:58+00:00\" \/>\n<meta property=\"og:image\" content=\"https:\/\/maiglobal.org\/wp-content\/uploads\/2026\/07\/Litt-America-Latina-2026-1.jpg\" \/>\n\t<meta property=\"og:image:width\" content=\"1131\" \/>\n\t<meta property=\"og:image:height\" content=\"1600\" \/>\n\t<meta property=\"og:image:type\" content=\"image\/jpeg\" \/>\n<meta name=\"twitter:card\" content=\"summary_large_image\" \/>\n<meta name=\"twitter:label1\" content=\"Estimasi waktu membaca\" \/>\n\t<meta name=\"twitter:data1\" content=\"2 menit\" \/>\n<script type=\"application\/ld+json\" class=\"yoast-schema-graph\">{\"@context\":\"https:\\\/\\\/schema.org\",\"@graph\":[{\"@type\":\"WebPage\",\"@id\":\"https:\\\/\\\/maiglobal.org\\\/litt-america-latina-2026\\\/\",\"url\":\"https:\\\/\\\/maiglobal.org\\\/litt-america-latina-2026\\\/\",\"name\":\"Litt Am\u00e9rica Latina 2026 - Media Associates International\",\"isPartOf\":{\"@id\":\"https:\\\/\\\/maiglobal.org\\\/#website\"},\"primaryImageOfPage\":{\"@id\":\"https:\\\/\\\/maiglobal.org\\\/litt-america-latina-2026\\\/#primaryimage\"},\"image\":{\"@id\":\"https:\\\/\\\/maiglobal.org\\\/litt-america-latina-2026\\\/#primaryimage\"},\"thumbnailUrl\":\"https:\\\/\\\/maiglobal.org\\\/wp-content\\\/uploads\\\/2026\\\/07\\\/Litt-America-Latina-2026-1.jpg\",\"datePublished\":\"2026-07-30T10:45:54+00:00\",\"dateModified\":\"2026-09-02T21:27:58+00:00\",\"description\":\"Del 30 de octubre al 6 de noviembre de 2026, acomp\u00e1\u00f1enos en Rionegro, Colombia, para vivir una semana de aprendizaje, inspiraci\u00f3n y colaboraci\u00f3n entre profesionales de la literatura y los medios cristianos.\",\"breadcrumb\":{\"@id\":\"https:\\\/\\\/maiglobal.org\\\/litt-america-latina-2026\\\/#breadcrumb\"},\"inLanguage\":\"id\",\"potentialAction\":[{\"@type\":\"ReadAction\",\"target\":[\"https:\\\/\\\/maiglobal.org\\\/litt-america-latina-2026\\\/\"]}]},{\"@type\":\"ImageObject\",\"inLanguage\":\"id\",\"@id\":\"https:\\\/\\\/maiglobal.org\\\/litt-america-latina-2026\\\/#primaryimage\",\"url\":\"https:\\\/\\\/maiglobal.org\\\/wp-content\\\/uploads\\\/2026\\\/07\\\/Litt-America-Latina-2026-1.jpg\",\"contentUrl\":\"https:\\\/\\\/maiglobal.org\\\/wp-content\\\/uploads\\\/2026\\\/07\\\/Litt-America-Latina-2026-1.jpg\"},{\"@type\":\"BreadcrumbList\",\"@id\":\"https:\\\/\\\/maiglobal.org\\\/litt-america-latina-2026\\\/#breadcrumb\",\"itemListElement\":[{\"@type\":\"ListItem\",\"position\":1,\"name\":\"Home\",\"item\":\"https:\\\/\\\/maiglobal.org\\\/\"},{\"@type\":\"ListItem\",\"position\":2,\"name\":\"Litt Am\u00e9rica Latina 2026\"}]},{\"@type\":\"WebSite\",\"@id\":\"https:\\\/\\\/maiglobal.org\\\/#website\",\"url\":\"https:\\\/\\\/maiglobal.org\\\/\",\"name\":\"Media Associates International\",\"description\":\"The power of the written word transforms lives.\",\"publisher\":{\"@id\":\"https:\\\/\\\/maiglobal.org\\\/#organization\"},\"potentialAction\":[{\"@type\":\"SearchAction\",\"target\":{\"@type\":\"EntryPoint\",\"urlTemplate\":\"https:\\\/\\\/maiglobal.org\\\/?s={search_term_string}\"},\"query-input\":{\"@type\":\"PropertyValueSpecification\",\"valueRequired\":true,\"valueName\":\"search_term_string\"}}],\"inLanguage\":\"id\"},{\"@type\":\"Organization\",\"@id\":\"https:\\\/\\\/maiglobal.org\\\/#organization\",\"name\":\"Media Associates International\",\"url\":\"https:\\\/\\\/maiglobal.org\\\/\",\"logo\":{\"@type\":\"ImageObject\",\"inLanguage\":\"id\",\"@id\":\"https:\\\/\\\/maiglobal.org\\\/#\\\/schema\\\/logo\\\/image\\\/\",\"url\":\"https:\\\/\\\/maiglobal.org\\\/wp-content\\\/uploads\\\/2017\\\/01\\\/maismall.jpg\",\"contentUrl\":\"https:\\\/\\\/maiglobal.org\\\/wp-content\\\/uploads\\\/2017\\\/01\\\/maismall.jpg\",\"width\":145,\"height\":60,\"caption\":\"Media Associates International\"},\"image\":{\"@id\":\"https:\\\/\\\/maiglobal.org\\\/#\\\/schema\\\/logo\\\/image\\\/\"}}]}<\/script>\n<!-- \/ Yoast SEO plugin. -->","yoast_head_json":{"title":"Litt Am\u00e9rica Latina 2026 - Media Associates International","description":"Del 30 de octubre al 6 de noviembre de 2026, acomp\u00e1\u00f1enos en Rionegro, Colombia, para vivir una semana de aprendizaje, inspiraci\u00f3n y colaboraci\u00f3n entre profesionales de la literatura y los medios cristianos.","robots":{"index":"index","follow":"follow","max-snippet":"max-snippet:-1","max-image-preview":"max-image-preview:large","max-video-preview":"max-video-preview:-1"},"canonical":"https:\/\/maiglobal.org\/id\/litt-america-latina-2026\/","og_locale":"id_ID","og_type":"article","og_title":"Litt Am\u00e9rica Latina 2026 - Media Associates International","og_description":"Del 30 de octubre al 6 de noviembre de 2026, acomp\u00e1\u00f1enos en Rionegro, Colombia, para vivir una semana de aprendizaje, inspiraci\u00f3n y colaboraci\u00f3n entre profesionales de la literatura y los medios cristianos.","og_url":"https:\/\/maiglobal.org\/id\/litt-america-latina-2026\/","og_site_name":"Media Associates International","article_modified_time":"2026-09-02T21:27:58+00:00","og_image":[{"width":1131,"height":1600,"url":"https:\/\/maiglobal.org\/wp-content\/uploads\/2026\/07\/Litt-America-Latina-2026-1.jpg","type":"image\/jpeg"}],"twitter_card":"summary_large_image","twitter_misc":{"Estimasi waktu membaca":"2 menit"},"schema":{"@context":"https:\/\/schema.org","@graph":[{"@type":"WebPage","@id":"https:\/\/maiglobal.org\/litt-america-latina-2026\/","url":"https:\/\/maiglobal.org\/litt-america-latina-2026\/","name":"Litt Am\u00e9rica Latina 2026 - Media Associates International","isPartOf":{"@id":"https:\/\/maiglobal.org\/#website"},"primaryImageOfPage":{"@id":"https:\/\/maiglobal.org\/litt-america-latina-2026\/#primaryimage"},"image":{"@id":"https:\/\/maiglobal.org\/litt-america-latina-2026\/#primaryimage"},"thumbnailUrl":"https:\/\/maiglobal.org\/wp-content\/uploads\/2026\/07\/Litt-America-Latina-2026-1.jpg","datePublished":"2026-07-30T10:45:54+00:00","dateModified":"2026-09-02T21:27:58+00:00","description":"Del 30 de octubre al 6 de noviembre de 2026, acomp\u00e1\u00f1enos en Rionegro, Colombia, para vivir una semana de aprendizaje, inspiraci\u00f3n y colaboraci\u00f3n entre profesionales de la literatura y los medios cristianos.","breadcrumb":{"@id":"https:\/\/maiglobal.org\/litt-america-latina-2026\/#breadcrumb"},"inLanguage":"id","potentialAction":[{"@type":"ReadAction","target":["https:\/\/maiglobal.org\/litt-america-latina-2026\/"]}]},{"@type":"ImageObject","inLanguage":"id","@id":"https:\/\/maiglobal.org\/litt-america-latina-2026\/#primaryimage","url":"https:\/\/maiglobal.org\/wp-content\/uploads\/2026\/07\/Litt-America-Latina-2026-1.jpg","contentUrl":"https:\/\/maiglobal.org\/wp-content\/uploads\/2026\/07\/Litt-America-Latina-2026-1.jpg"},{"@type":"BreadcrumbList","@id":"https:\/\/maiglobal.org\/litt-america-latina-2026\/#breadcrumb","itemListElement":[{"@type":"ListItem","position":1,"name":"Home","item":"https:\/\/maiglobal.org\/"},{"@type":"ListItem","position":2,"name":"Litt Am\u00e9rica Latina 2026"}]},{"@type":"WebSite","@id":"https:\/\/maiglobal.org\/#website","url":"https:\/\/maiglobal.org\/","name":"Media Associates International","description":"The power of the written word transforms lives.","publisher":{"@id":"https:\/\/maiglobal.org\/#organization"},"potentialAction":[{"@type":"SearchAction","target":{"@type":"EntryPoint","urlTemplate":"https:\/\/maiglobal.org\/?s={search_term_string}"},"query-input":{"@type":"PropertyValueSpecification","valueRequired":true,"valueName":"search_term_string"}}],"inLanguage":"id"},{"@type":"Organization","@id":"https:\/\/maiglobal.org\/#organization","name":"Media Associates International","url":"https:\/\/maiglobal.org\/","logo":{"@type":"ImageObject","inLanguage":"id","@id":"https:\/\/maiglobal.org\/#\/schema\/logo\/image\/","url":"https:\/\/maiglobal.org\/wp-content\/uploads\/2017\/01\/maismall.jpg","contentUrl":"https:\/\/maiglobal.org\/wp-content\/uploads\/2017\/01\/maismall.jpg","width":145,"height":60,"caption":"Media Associates International"},"image":{"@id":"https:\/\/maiglobal.org\/#\/schema\/logo\/image\/"}}]}},"campaignId":"","_links":{"self":[{"href":"https:\/\/maiglobal.org\/id\/wp-json\/wp\/v2\/pages\/26233","targetHints":{"allow":["GET"]}}],"collection":[{"href":"https:\/\/maiglobal.org\/id\/wp-json\/wp\/v2\/pages"}],"about":[{"href":"https:\/\/maiglobal.org\/id\/wp-json\/wp\/v2\/types\/page"}],"author":[{"embeddable":true,"href":"https:\/\/maiglobal.org\/id\/wp-json\/wp\/v2\/users\/2000"}],"replies":[{"embeddable":true,"href":"https:\/\/maiglobal.org\/id\/wp-json\/wp\/v2\/comments?post=26233"}],"version-history":[{"count":49,"href":"https:\/\/maiglobal.org\/id\/wp-json\/wp\/v2\/pages\/26233\/revisions"}],"predecessor-version":[{"id":26958,"href":"https:\/\/maiglobal.org\/id\/wp-json\/wp\/v2\/pages\/26233\/revisions\/26958"}],"wp:attachment":[{"href":"https:\/\/maiglobal.org\/id\/wp-json\/wp\/v2\/media?parent=26233"}],"curies":[{"name":"wp","href":"https:\/\/api.w.org\/{rel}","templated":true}]}}